{"id":35,"date":"2019-06-04T21:40:07","date_gmt":"2019-06-04T19:40:07","guid":{"rendered":"http:\/\/dia-succari.com\/site\/?page_id=35"},"modified":"2019-08-30T14:20:52","modified_gmt":"2019-08-30T12:20:52","slug":"interview","status":"publish","type":"page","link":"http:\/\/dia-succari.com\/site\/interview\/","title":{"rendered":"Interview"},"content":{"rendered":"<div id=\"pl-gb35-69f0b8b6526a1\"  class=\"panel-layout\" ><div id=\"pg-gb35-69f0b8b6526a1-0\"  class=\"panel-grid panel-no-style\" ><div id=\"pgc-gb35-69f0b8b6526a1-0-0\"  class=\"panel-grid-cell\" ><div id=\"panel-gb35-69f0b8b6526a1-0-0-0\" class=\"so-panel widget widget_sow-editor panel-first-child panel-last-child\" data-index=\"0\" ><div class=\"so-widget-sow-editor so-widget-sow-editor-base\">\n<div class=\"siteorigin-widget-tinymce textwidget\">\n\t<p>Athil Hamdan violoncelliste parle de la musique de Dia Succari \u00e0 la radio de Berlin<br \/>\nSyrische Kammermusic<\/p>\n<!--[if lt IE 9]><script>document.createElement('audio');<\/script><![endif]-->\n<audio class=\"wp-audio-shortcode\" id=\"audio-35-1\" preload=\"none\" style=\"width: 100%;\" controls=\"controls\"><source type=\"audio\/mpeg\" src=\"http:\/\/dia-succari.com\/site\/wp-content\/uploads\/2019\/08\/syrische-kammermusik-athil-M.mp3?_=1\" \/><a href=\"http:\/\/dia-succari.com\/site\/wp-content\/uploads\/2019\/08\/syrische-kammermusik-athil-M.mp3\">http:\/\/dia-succari.com\/site\/wp-content\/uploads\/2019\/08\/syrische-kammermusik-athil-M.mp3<\/a><\/audio>\n<\/div>\n<\/div><\/div><\/div><\/div><div id=\"pg-gb35-69f0b8b6526a1-1\"  class=\"panel-grid panel-no-style\" ><div id=\"pgc-gb35-69f0b8b6526a1-1-0\"  class=\"panel-grid-cell\" ><div id=\"panel-gb35-69f0b8b6526a1-1-0-0\" class=\"so-panel widget widget_sow-editor panel-first-child panel-last-child\" data-index=\"1\" ><div class=\"so-widget-sow-editor so-widget-sow-editor-base\">\n<div class=\"siteorigin-widget-tinymce textwidget\">\n\t<p><video controls width=\"560\"><source src=\"..\/wp-content\/uploads\/videos\/interview_dia_succari_tv_damas.mp4\" type=\"video\/mp4\"\/>D\u00e9sol\u00e9, votre navigateur ne supporte pas les vid\u00e9os.<\/video><\/p>\n<p><iframe width=\"560\" height=\"315\" src=\"https:\/\/www.youtube.com\/embed\/qt5Ps1AO26U\" frameborder=\"0\" allow=\"accelerometer; autoplay; encrypted-media; gyroscope; picture-in-picture\" allowfullscreen><\/iframe><\/p>\n<\/div>\n<\/div><\/div><\/div><\/div><\/div>","protected":false},"excerpt":{"rendered":"","protected":false},"author":1,"featured_media":0,"parent":0,"menu_order":0,"comment_status":"closed","ping_status":"closed","template":"","meta":[],"_links":{"self":[{"href":"http:\/\/dia-succari.com\/site\/wp-json\/wp\/v2\/pages\/35"}],"collection":[{"href":"http:\/\/dia-succari.com\/site\/wp-json\/wp\/v2\/pages"}],"about":[{"href":"http:\/\/dia-succari.com\/site\/wp-json\/wp\/v2\/types\/page"}],"author":[{"embeddable":true,"href":"http:\/\/dia-succari.com\/site\/wp-json\/wp\/v2\/users\/1"}],"replies":[{"embeddable":true,"href":"http:\/\/dia-succari.com\/site\/wp-json\/wp\/v2\/comments?post=35"}],"version-history":[{"count":11,"href":"http:\/\/dia-succari.com\/site\/wp-json\/wp\/v2\/pages\/35\/revisions"}],"predecessor-version":[{"id":419,"href":"http:\/\/dia-succari.com\/site\/wp-json\/wp\/v2\/pages\/35\/revisions\/419"}],"wp:attachment":[{"href":"http:\/\/dia-succari.com\/site\/wp-json\/wp\/v2\/media?parent=35"}],"curies":[{"name":"wp","href":"https:\/\/api.w.org\/{rel}","templated":true}]}}